{"id":1315,"date":"2024-08-20T15:36:05","date_gmt":"2024-08-20T13:36:05","guid":{"rendered":"https:\/\/visitvalldemossa.es\/heim\/"},"modified":"2026-02-11T11:00:36","modified_gmt":"2026-02-11T10:00:36","slug":"heim","status":"publish","type":"page","link":"https:\/\/www.visitvalldemossa.es\/de\/","title":{"rendered":"Heim"},"content":{"rendered":"\t\t<div data-elementor-type=\"wp-page\" data-elementor-id=\"1315\" class=\"elementor elementor-1315 elementor-19\" data-elementor-post-type=\"page\">\n\t\t\t\t<div class=\"elementor-element elementor-element-0a614b3 e-con-full e-flex e-con e-parent\" data-id=\"0a614b3\" data-element_type=\"container\" data-e-type=\"container\" data-settings=\"{&quot;background_background&quot;:&quot;classic&quot;}\">\n\t\t\t\t<div class=\"elementor-element elementor-element-b72312e elementor-widget elementor-widget-heading\" data-id=\"b72312e\" data-element_type=\"widget\" data-e-type=\"widget\" data-widget_type=\"heading.default\">\n\t\t\t\t<div class=\"elementor-widget-container\">\n\t\t\t\t\t<h2 class=\"elementor-heading-title elementor-size-default\">visit <\/h2>\t\t\t\t<\/div>\n\t\t\t\t<\/div>\n\t\t\t\t<div class=\"elementor-element elementor-element-66b8fc0 elementor-widget elementor-widget-heading\" data-id=\"66b8fc0\" data-element_type=\"widget\" data-e-type=\"widget\" data-widget_type=\"heading.default\">\n\t\t\t\t<div class=\"elementor-widget-container\">\n\t\t\t\t\t<h2 class=\"elementor-heading-title elementor-size-default\">Valldemossa<\/h2>\t\t\t\t<\/div>\n\t\t\t\t<\/div>\n\t\t\t\t<\/div>\n\t\t<div class=\"elementor-element elementor-element-5f9c108 e-flex e-con-boxed e-con e-parent\" data-id=\"5f9c108\" data-element_type=\"container\" data-e-type=\"container\">\n\t\t\t\t\t<div class=\"e-con-inner\">\n\t\t<div class=\"elementor-element elementor-element-08ad1d8 e-con-full e-flex e-con e-child\" data-id=\"08ad1d8\" data-element_type=\"container\" data-e-type=\"container\" data-settings=\"{&quot;background_background&quot;:&quot;classic&quot;}\">\n\t\t\t\t<\/div>\n\t\t<div class=\"elementor-element elementor-element-61bb2e6 e-con-full e-flex e-con e-child\" data-id=\"61bb2e6\" data-element_type=\"container\" data-e-type=\"container\" data-settings=\"{&quot;background_background&quot;:&quot;classic&quot;}\">\n\t\t\t\t<\/div>\n\t\t<div class=\"elementor-element elementor-element-07a8ced e-con-full e-flex e-con e-child\" data-id=\"07a8ced\" data-element_type=\"container\" data-e-type=\"container\" data-settings=\"{&quot;background_background&quot;:&quot;classic&quot;}\">\n\t\t\t\t<\/div>\n\t\t<div class=\"elementor-element elementor-element-f09fe52 e-con-full e-flex e-con e-child\" data-id=\"f09fe52\" data-element_type=\"container\" data-e-type=\"container\" data-settings=\"{&quot;background_background&quot;:&quot;classic&quot;}\">\n\t\t\t\t<div class=\"elementor-element elementor-element-a080a25 elementor-widget elementor-widget-heading\" data-id=\"a080a25\" data-element_type=\"widget\" data-e-type=\"widget\" data-widget_type=\"heading.default\">\n\t\t\t\t<div class=\"elementor-widget-container\">\n\t\t\t\t\t<h1 class=\"elementor-heading-title elementor-size-default\">Willkommen in Valldemossa<\/h1>\t\t\t\t<\/div>\n\t\t\t\t<\/div>\n\t\t\t\t<div class=\"elementor-element elementor-element-d8c51af elementor-widget elementor-widget-text-editor\" data-id=\"d8c51af\" data-element_type=\"widget\" data-e-type=\"widget\" data-widget_type=\"text-editor.default\">\n\t\t\t\t<div class=\"elementor-widget-container\">\n\t\t\t\t\t\t\t\t\t<p>Eine kleine Gemeinde in der Serra de Tramuntana mit etwa 44 km2 und etwas mehr als zweitausend Einwohnern. Die Besetzung dieser Gebiete reicht bis in pr\u00e4historische Zeiten zur\u00fcck. Die muslimischen Geh\u00f6fte waren wichtig, da das Tal, in dem die Stadt liegt, zu dieser Zeit im Besitz der muslimischen Mussa war. Aus dem Mussa-Tal ergibt sich der Ortsname Valldemossa.   <\/p>\n\t\t\t\t\t\t\t\t<\/div>\n\t\t\t\t<\/div>\n\t\t\t\t<\/div>\n\t\t\t\t\t<\/div>\n\t\t\t\t<\/div>\n\t\t<div class=\"elementor-element elementor-element-422223a e-flex e-con-boxed e-con e-parent\" data-id=\"422223a\" data-element_type=\"container\" data-e-type=\"container\">\n\t\t\t\t\t<div class=\"e-con-inner\">\n\t\t<div class=\"elementor-element elementor-element-7c77bd2 e-con-full e-flex e-con e-child\" data-id=\"7c77bd2\" data-element_type=\"container\" data-e-type=\"container\" data-settings=\"{&quot;background_background&quot;:&quot;classic&quot;}\">\n\t\t\t\t<div class=\"elementor-element elementor-element-6128072 elementor-widget elementor-widget-heading\" data-id=\"6128072\" data-element_type=\"widget\" data-e-type=\"widget\" data-widget_type=\"heading.default\">\n\t\t\t\t<div class=\"elementor-widget-container\">\n\t\t\t\t\t<h2 class=\"elementor-heading-title elementor-size-default\">*<\/h2>\t\t\t\t<\/div>\n\t\t\t\t<\/div>\n\t\t\t\t<div class=\"elementor-element elementor-element-aaf1e0a elementor-widget elementor-widget-heading\" data-id=\"aaf1e0a\" data-element_type=\"widget\" data-e-type=\"widget\" data-widget_type=\"heading.default\">\n\t\t\t\t<div class=\"elementor-widget-container\">\n\t\t\t\t\t<h2 class=\"elementor-heading-title elementor-size-default\">Interessante Punkte<\/h2>\t\t\t\t<\/div>\n\t\t\t\t<\/div>\n\t\t\t\t<div class=\"elementor-element elementor-element-7516b6f elementor-widget elementor-widget-button\" data-id=\"7516b6f\" data-element_type=\"widget\" data-e-type=\"widget\" data-widget_type=\"button.default\">\n\t\t\t\t<div class=\"elementor-widget-container\">\n\t\t\t\t\t\t\t\t\t<div class=\"elementor-button-wrapper\">\n\t\t\t\t\t<a class=\"elementor-button elementor-button-link elementor-size-sm\" href=\"https:\/\/visitvalldemossa.es\/municipi-valldemossa\/\">\n\t\t\t\t\t\t<span class=\"elementor-button-content-wrapper\">\n\t\t\t\t\t\t\t\t\t<span class=\"elementor-button-text\">+ Infos<\/span>\n\t\t\t\t\t<\/span>\n\t\t\t\t\t<\/a>\n\t\t\t\t<\/div>\n\t\t\t\t\t\t\t\t<\/div>\n\t\t\t\t<\/div>\n\t\t\t\t<\/div>\n\t\t<div class=\"elementor-element elementor-element-fbe4078 e-con-full e-flex e-con e-child\" data-id=\"fbe4078\" data-element_type=\"container\" data-e-type=\"container\" data-settings=\"{&quot;background_background&quot;:&quot;classic&quot;}\">\n\t\t\t\t<\/div>\n\t\t<div class=\"elementor-element elementor-element-7215052 e-con-full e-flex e-con e-child\" data-id=\"7215052\" data-element_type=\"container\" data-e-type=\"container\" data-settings=\"{&quot;background_background&quot;:&quot;classic&quot;}\">\n\t\t\t\t<div class=\"elementor-element elementor-element-64b0bc5 elementor-widget elementor-widget-image\" data-id=\"64b0bc5\" data-element_type=\"widget\" data-e-type=\"widget\" data-widget_type=\"image.default\">\n\t\t\t\t<div class=\"elementor-widget-container\">\n\t\t\t\t\t\t\t\t\t\t\t\t\t\t\t\t<a href=\"https:\/\/visitvalldemossa.es\/municipi-valldemossa\/\">\n\t\t\t\t\t\t\t<img fetchpriority=\"high\" decoding=\"async\" width=\"500\" height=\"640\" src=\"https:\/\/www.visitvalldemossa.es\/wp-content\/uploads\/2024\/08\/escudo-valldemossa.png\" class=\"attachment-2048x2048 size-2048x2048 wp-image-920\" alt=\"\" srcset=\"https:\/\/www.visitvalldemossa.es\/wp-content\/uploads\/2024\/08\/escudo-valldemossa.png 500w, https:\/\/www.visitvalldemossa.es\/wp-content\/uploads\/2024\/08\/escudo-valldemossa-234x300.png 234w\" sizes=\"(max-width: 500px) 100vw, 500px\" \/>\t\t\t\t\t\t\t\t<\/a>\n\t\t\t\t\t\t\t\t\t\t\t\t\t\t\t<\/div>\n\t\t\t\t<\/div>\n\t\t\t\t<\/div>\n\t\t<div class=\"elementor-element elementor-element-af5aee2 e-con-full e-flex e-con e-child\" data-id=\"af5aee2\" data-element_type=\"container\" data-e-type=\"container\" data-settings=\"{&quot;background_background&quot;:&quot;classic&quot;}\">\n\t\t\t\t<\/div>\n\t\t\t\t\t<\/div>\n\t\t\t\t<\/div>\n\t\t<div class=\"elementor-element elementor-element-ff33346 e-flex e-con-boxed e-con e-parent\" data-id=\"ff33346\" data-element_type=\"container\" data-e-type=\"container\">\n\t\t\t\t\t<div class=\"e-con-inner\">\n\t\t\t\t<div class=\"elementor-element elementor-element-cde6dcf elementor-widget elementor-widget-image\" data-id=\"cde6dcf\" data-element_type=\"widget\" data-e-type=\"widget\" data-widget_type=\"image.default\">\n\t\t\t\t<div class=\"elementor-widget-container\">\n\t\t\t\t\t\t\t\t\t\t\t\t\t\t\t<img decoding=\"async\" width=\"553\" height=\"634\" src=\"https:\/\/www.visitvalldemossa.es\/wp-content\/uploads\/2024\/08\/favicon-valldemossa.png\" class=\"attachment-full size-full wp-image-944\" alt=\"\" srcset=\"https:\/\/www.visitvalldemossa.es\/wp-content\/uploads\/2024\/08\/favicon-valldemossa.png 553w, https:\/\/www.visitvalldemossa.es\/wp-content\/uploads\/2024\/08\/favicon-valldemossa-262x300.png 262w\" sizes=\"(max-width: 553px) 100vw, 553px\" \/>\t\t\t\t\t\t\t\t\t\t\t\t\t\t\t<\/div>\n\t\t\t\t<\/div>\n\t\t\t\t<div class=\"elementor-element elementor-element-da72fcc elementor-widget elementor-widget-heading\" data-id=\"da72fcc\" data-element_type=\"widget\" data-e-type=\"widget\" data-widget_type=\"heading.default\">\n\t\t\t\t<div class=\"elementor-widget-container\">\n\t\t\t\t\t<h2 class=\"elementor-heading-title elementor-size-default\">Valldemossa: Das Herz der Serra de Tramuntana  <\/h2>\t\t\t\t<\/div>\n\t\t\t\t<\/div>\n\t\t\t\t<div class=\"elementor-element elementor-element-07c7634 elementor-drop-cap-yes elementor-widget__width-initial elementor-drop-cap-view-default elementor-widget elementor-widget-text-editor\" data-id=\"07c7634\" data-element_type=\"widget\" data-e-type=\"widget\" data-settings=\"{&quot;drop_cap&quot;:&quot;yes&quot;}\" data-widget_type=\"text-editor.default\">\n\t\t\t\t<div class=\"elementor-widget-container\">\n\t\t\t\t\t\t\t\t\t<p><span style=\"font-weight: 400;\">Valldemossa liegt in einem majest\u00e4tischen, von Bergen umgebenen Tal und ist mit 412 Metern \u00fcber dem Meeresspiegel die h\u00f6chstgelegene Stadt der Balearen. Seine reiche Geschichte, die bis in die islamische Zeit zur\u00fcckreicht, verschmilzt mit einer unvergleichlichen nat\u00fcrlichen Umgebung, in der jahrhundertealte Olivenb\u00e4ume und gut erhaltene Eichenhaine eine Landschaft bilden, die es wert ist, erkundet zu werden. <\/span><\/p><p><span style=\"font-weight: 400;\">Valldemossa ist viel mehr als ein einfaches Reiseziel; Es ist ein Erlebnis, das die Essenz Mallorcas einf\u00e4ngt. Dieses malerische Dorf, das von der UNESCO als Weltkulturerbe in der Kategorie \u201eKulturlandschaft\u201c anerkannt wurde, bietet ein reiches Kultur- und Kulturerbe. Unter seinen Sch\u00e4tzen sticht die Cartuixa de Valldemossa hervor, ein im 14. Jahrhundert erbautes Kloster, das die Residenz des spanischen K\u00f6nigshauses sowie des Komponisten Fr\u00e9d\u00e9ric Chopin und des Schriftstellers George Sand war, der sich von seinem einzigartigen Charme inspirieren lie\u00df. <\/span><\/p><p><span style=\"font-weight: 400;\">Nur 15 km von Palma entfernt ist Valldemossa der ideale Ausgangspunkt f\u00fcr Abenteurer und Naturliebhaber. Von hier aus \u00f6ffnen sich die T\u00fcren zu zahlreichen Wanderrouten, wie der Ruta de la Pedra en Sec (GR 221), die sich durch die Tramuntana schl\u00e4ngelt, und dem symboltr\u00e4chtigen Cam\u00ed de l&#8217;Archiduc, der von Erzherzog Ludwig dem Erl\u00f6ser von \u00d6sterreich entworfen wurde. Dieser Weg bietet spektakul\u00e4re Ausblicke auf Gipfel wie Teix und Puig Caragol\u00ed und ist ein Beweis f\u00fcr die Liebe des Erzherzogs zur mallorquinischen Natur. <\/span><\/p><p><span style=\"font-weight: 400;\">Mit einer Bev\u00f6lkerung von etwa 2.000 Einwohnern bewahrt Valldemossa seinen traditionellen Charme, umgeben von einer unver\u00e4nderten l\u00e4ndlichen Landschaft. Vom Hafen bis zu den Wohngebieten ist diese Gemeinde eine Oase der Ruhe und ein wahrer Kulturschatz, der in jeder Ecke darauf wartet, entdeckt zu werden. <\/span><\/p><p><span style=\"font-weight: 400;\">Kommen Sie und entdecken Sie Valldemossa, wo Geschichte, Kultur und Natur zusammenkommen, um Ihnen ein unvergessliches Erlebnis zu bieten.<\/span><\/p>\t\t\t\t\t\t\t\t<\/div>\n\t\t\t\t<\/div>\n\t\t\t\t\t<\/div>\n\t\t\t\t<\/div>\n\t\t<div class=\"elementor-element elementor-element-7598a4e e-con-full e-flex e-con e-parent\" data-id=\"7598a4e\" data-element_type=\"container\" data-e-type=\"container\">\n\t\t<div class=\"elementor-element elementor-element-7147ea2 e-con-full e-flex e-con e-child\" data-id=\"7147ea2\" data-element_type=\"container\" data-e-type=\"container\" data-settings=\"{&quot;background_background&quot;:&quot;classic&quot;}\">\n\t\t\t\t<div class=\"elementor-element elementor-element-2b10bd7 elementor-widget elementor-widget-image\" data-id=\"2b10bd7\" data-element_type=\"widget\" data-e-type=\"widget\" data-widget_type=\"image.default\">\n\t\t\t\t<div class=\"elementor-widget-container\">\n\t\t\t\t\t\t\t\t\t\t\t\t\t\t\t\t<a href=\"https:\/\/visitvalldemossa.es\/municipi-valldemossa\/\">\n\t\t\t\t\t\t\t<img decoding=\"async\" width=\"605\" height=\"634\" src=\"https:\/\/www.visitvalldemossa.es\/wp-content\/uploads\/2024\/08\/boto-municipi.png\" class=\"attachment-full size-full wp-image-926\" alt=\"\" srcset=\"https:\/\/www.visitvalldemossa.es\/wp-content\/uploads\/2024\/08\/boto-municipi.png 605w, https:\/\/www.visitvalldemossa.es\/wp-content\/uploads\/2024\/08\/boto-municipi-286x300.png 286w\" sizes=\"(max-width: 605px) 100vw, 605px\" \/>\t\t\t\t\t\t\t\t<\/a>\n\t\t\t\t\t\t\t\t\t\t\t\t\t\t\t<\/div>\n\t\t\t\t<\/div>\n\t\t\t\t<\/div>\n\t\t<div class=\"elementor-element elementor-element-1cb09e3 e-con-full e-flex e-con e-child\" data-id=\"1cb09e3\" data-element_type=\"container\" data-e-type=\"container\" data-settings=\"{&quot;background_background&quot;:&quot;classic&quot;}\">\n\t\t\t\t<div class=\"elementor-element elementor-element-9bc36c1 elementor-widget elementor-widget-image\" data-id=\"9bc36c1\" data-element_type=\"widget\" data-e-type=\"widget\" data-widget_type=\"image.default\">\n\t\t\t\t<div class=\"elementor-widget-container\">\n\t\t\t\t\t\t\t\t\t\t\t\t\t\t\t\t<a href=\"https:\/\/visitvalldemossa.es\/cultura-i-patrimoni\/\">\n\t\t\t\t\t\t\t<img loading=\"lazy\" decoding=\"async\" width=\"605\" height=\"634\" src=\"https:\/\/www.visitvalldemossa.es\/wp-content\/uploads\/2024\/08\/boto-cultura-patrimoni.png\" class=\"attachment-full size-full wp-image-929\" alt=\"\" srcset=\"https:\/\/www.visitvalldemossa.es\/wp-content\/uploads\/2024\/08\/boto-cultura-patrimoni.png 605w, https:\/\/www.visitvalldemossa.es\/wp-content\/uploads\/2024\/08\/boto-cultura-patrimoni-286x300.png 286w\" sizes=\"(max-width: 605px) 100vw, 605px\" \/>\t\t\t\t\t\t\t\t<\/a>\n\t\t\t\t\t\t\t\t\t\t\t\t\t\t\t<\/div>\n\t\t\t\t<\/div>\n\t\t\t\t<\/div>\n\t\t<div class=\"elementor-element elementor-element-deb875b e-con-full e-flex e-con e-child\" data-id=\"deb875b\" data-element_type=\"container\" data-e-type=\"container\" data-settings=\"{&quot;background_background&quot;:&quot;classic&quot;}\">\n\t\t\t\t<div class=\"elementor-element elementor-element-8ae2d9a elementor-widget elementor-widget-image\" data-id=\"8ae2d9a\" data-element_type=\"widget\" data-e-type=\"widget\" data-widget_type=\"image.default\">\n\t\t\t\t<div class=\"elementor-widget-container\">\n\t\t\t\t\t\t\t\t\t\t\t\t\t\t\t\t<a href=\"https:\/\/visitvalldemossa.es\/rutes\/\">\n\t\t\t\t\t\t\t<img loading=\"lazy\" decoding=\"async\" width=\"605\" height=\"634\" src=\"https:\/\/www.visitvalldemossa.es\/wp-content\/uploads\/2024\/08\/boto-rutes.png\" class=\"attachment-large size-large wp-image-932\" alt=\"\" srcset=\"https:\/\/www.visitvalldemossa.es\/wp-content\/uploads\/2024\/08\/boto-rutes.png 605w, https:\/\/www.visitvalldemossa.es\/wp-content\/uploads\/2024\/08\/boto-rutes-286x300.png 286w\" sizes=\"(max-width: 605px) 100vw, 605px\" \/>\t\t\t\t\t\t\t\t<\/a>\n\t\t\t\t\t\t\t\t\t\t\t\t\t\t\t<\/div>\n\t\t\t\t<\/div>\n\t\t\t\t<\/div>\n\t\t\t\t<\/div>\n\t\t<div class=\"elementor-element elementor-element-a56abef e-con-full e-flex e-con e-parent\" data-id=\"a56abef\" data-element_type=\"container\" data-e-type=\"container\">\n\t\t<div class=\"elementor-element elementor-element-4bc3881 e-con-full e-flex e-con e-child\" data-id=\"4bc3881\" data-element_type=\"container\" data-e-type=\"container\" data-settings=\"{&quot;background_background&quot;:&quot;classic&quot;}\">\n\t\t\t\t<div class=\"elementor-element elementor-element-04b6ddd elementor-widget elementor-widget-image\" data-id=\"04b6ddd\" data-element_type=\"widget\" data-e-type=\"widget\" data-widget_type=\"image.default\">\n\t\t\t\t<div class=\"elementor-widget-container\">\n\t\t\t\t\t\t\t\t\t\t\t\t\t\t\t<img loading=\"lazy\" decoding=\"async\" width=\"605\" height=\"634\" src=\"https:\/\/www.visitvalldemossa.es\/wp-content\/uploads\/2024\/08\/boto-blog.png\" class=\"attachment-full size-full wp-image-935\" alt=\"\" srcset=\"https:\/\/www.visitvalldemossa.es\/wp-content\/uploads\/2024\/08\/boto-blog.png 605w, https:\/\/www.visitvalldemossa.es\/wp-content\/uploads\/2024\/08\/boto-blog-286x300.png 286w\" sizes=\"(max-width: 605px) 100vw, 605px\" \/>\t\t\t\t\t\t\t\t\t\t\t\t\t\t\t<\/div>\n\t\t\t\t<\/div>\n\t\t\t\t<\/div>\n\t\t<div class=\"elementor-element elementor-element-de2d712 e-con-full e-flex e-con e-child\" data-id=\"de2d712\" data-element_type=\"container\" data-e-type=\"container\" data-settings=\"{&quot;background_background&quot;:&quot;classic&quot;}\">\n\t\t\t\t<div class=\"elementor-element elementor-element-036853b elementor-widget elementor-widget-image\" data-id=\"036853b\" data-element_type=\"widget\" data-e-type=\"widget\" data-widget_type=\"image.default\">\n\t\t\t\t<div class=\"elementor-widget-container\">\n\t\t\t\t\t\t\t\t\t\t\t\t\t\t\t\t<a href=\"https:\/\/visitvalldemossa.es\/gastronomia\/\">\n\t\t\t\t\t\t\t<img loading=\"lazy\" decoding=\"async\" width=\"500\" height=\"500\" src=\"https:\/\/www.visitvalldemossa.es\/wp-content\/uploads\/2024\/08\/boto-restaurants-blanc.png\" class=\"attachment-full size-full wp-image-1265\" alt=\"\" srcset=\"https:\/\/www.visitvalldemossa.es\/wp-content\/uploads\/2024\/08\/boto-restaurants-blanc.png 500w, https:\/\/www.visitvalldemossa.es\/wp-content\/uploads\/2024\/08\/boto-restaurants-blanc-300x300.png 300w, https:\/\/www.visitvalldemossa.es\/wp-content\/uploads\/2024\/08\/boto-restaurants-blanc-150x150.png 150w\" sizes=\"(max-width: 500px) 100vw, 500px\" \/>\t\t\t\t\t\t\t\t<\/a>\n\t\t\t\t\t\t\t\t\t\t\t\t\t\t\t<\/div>\n\t\t\t\t<\/div>\n\t\t\t\t<\/div>\n\t\t<div class=\"elementor-element elementor-element-2a3a1be e-con-full e-flex e-con e-child\" data-id=\"2a3a1be\" data-element_type=\"container\" data-e-type=\"container\" data-settings=\"{&quot;background_background&quot;:&quot;classic&quot;}\">\n\t\t\t\t<\/div>\n\t\t\t\t<\/div>\n\t\t<div class=\"elementor-element elementor-element-b21786f e-flex e-con-boxed e-con e-parent\" data-id=\"b21786f\" data-element_type=\"container\" data-e-type=\"container\">\n\t\t\t\t\t<div class=\"e-con-inner\">\n\t\t<div class=\"elementor-element elementor-element-467626c e-con-full e-flex e-con e-child\" data-id=\"467626c\" data-element_type=\"container\" data-e-type=\"container\">\n\t\t\t\t<div class=\"elementor-element elementor-element-06b7414 elementor-widget elementor-widget-heading\" data-id=\"06b7414\" data-element_type=\"widget\" data-e-type=\"widget\" data-widget_type=\"heading.default\">\n\t\t\t\t<div class=\"elementor-widget-container\">\n\t\t\t\t\t<h2 class=\"elementor-heading-title elementor-size-default\">Wo man in Valldemossa parken kann<\/h2>\t\t\t\t<\/div>\n\t\t\t\t<\/div>\n\t\t\t\t<div class=\"elementor-element elementor-element-6cf875a elementor-widget elementor-widget-text-editor\" data-id=\"6cf875a\" data-element_type=\"widget\" data-e-type=\"widget\" data-widget_type=\"text-editor.default\">\n\t\t\t\t<div class=\"elementor-widget-container\">\n\t\t\t\t\t\t\t\t\t<p><span style=\"font-weight: 400;\">Valldemossa bietet mehrere Parkm\u00f6glichkeiten, um Ihren Besuch in der Stadt zu erleichtern. Im Folgenden stellen wir Ihnen zwei Hauptparkm\u00f6glichkeiten vor, mit detaillierten Informationen, die Ihnen dabei helfen sollen, den bequemsten Platz f\u00fcr Ihr Ziel zu finden. <\/span><\/p>\n\t\t\t\t\t\t\t\t<\/div>\n\t\t\t\t<\/div>\n\t\t\t\t<\/div>\n\t\t<div class=\"elementor-element elementor-element-f8e7681 e-con-full e-flex e-con e-child\" data-id=\"f8e7681\" data-element_type=\"container\" data-e-type=\"container\">\n\t\t\t\t<div class=\"elementor-element elementor-element-3d7054a elementor-widget elementor-widget-html\" data-id=\"3d7054a\" data-element_type=\"widget\" data-e-type=\"widget\" data-widget_type=\"html.default\">\n\t\t\t\t<div class=\"elementor-widget-container\">\n\t\t\t\t\t<iframe src=\"https:\/\/www.google.com\/maps\/d\/u\/0\/embed?mid=1CNDUCUQQYfDAyMdijO2X2RkJ99P9TDA&amp;ehbc=2E312F&amp;noprof=1\" width=\"640\" height=\"480\"><\/iframe>\t\t\t\t<\/div>\n\t\t\t\t<\/div>\n\t\t\t\t<\/div>\n\t\t\t\t\t<\/div>\n\t\t\t\t<\/div>\n\t\t\t\t<\/div>\n\t\t","protected":false},"excerpt":{"rendered":"<p>visit Valldemossa Willkommen in Valldemossa Eine kleine Gemeinde in der Serra de Tramuntana mit etwa 44 km2 und etwas mehr als zweitausend Einwohnern. Die Besetzung dieser Gebiete reicht bis in pr\u00e4historische Zeiten zur\u00fcck. Die muslimischen Geh\u00f6fte waren wichtig, da das Tal, in dem die Stadt liegt, zu dieser Zeit im Besitz der muslimischen Mussa war. [&hellip;]<\/p>\n","protected":false},"author":1,"featured_media":0,"parent":0,"menu_order":0,"comment_status":"closed","ping_status":"closed","template":"elementor_theme","meta":{"_acf_changed":false,"footnotes":""},"class_list":["post-1315","page","type-page","status-publish","hentry"],"acf":[],"yoast_head":"<!-- This site is optimized with the Yoast SEO plugin v27.3 - https:\/\/yoast.com\/product\/yoast-seo-wordpress\/ -->\n<title>Besuchen Sie Valldemossa, Mallorca I Offizielle Touristen-Website<\/title>\n<meta name=\"description\" content=\"Willkommen auf der offiziellen Touristen-Website von Visit Valldemossa auf Mallorca. Sehensw\u00fcrdigkeiten, Erbe und Kultur, Routen, Einkaufsf\u00fchrer und mehr.\" \/>\n<meta name=\"robots\" content=\"index, follow, max-snippet:-1, max-image-preview:large, max-video-preview:-1\" \/>\n<link rel=\"canonical\" href=\"https:\/\/www.visitvalldemossa.es\/de\/\" \/>\n<meta property=\"og:locale\" content=\"de_DE\" \/>\n<meta property=\"og:type\" content=\"article\" \/>\n<meta property=\"og:title\" content=\"Besuchen Sie Valldemossa, Mallorca I Offizielle Touristen-Website\" \/>\n<meta property=\"og:description\" content=\"Willkommen auf der offiziellen Touristen-Website von Visit Valldemossa auf Mallorca. Sehensw\u00fcrdigkeiten, Erbe und Kultur, Routen, Einkaufsf\u00fchrer und mehr.\" \/>\n<meta property=\"og:url\" content=\"https:\/\/www.visitvalldemossa.es\/de\/\" \/>\n<meta property=\"og:site_name\" content=\"Visit Valldemossa\" \/>\n<meta property=\"article:modified_time\" content=\"2026-02-11T10:00:36+00:00\" \/>\n<meta property=\"og:image\" content=\"https:\/\/www.visitvalldemossa.es\/wp-content\/uploads\/2024\/08\/escudo-valldemossa.png\" \/>\n\t<meta property=\"og:image:width\" content=\"500\" \/>\n\t<meta property=\"og:image:height\" content=\"640\" \/>\n\t<meta property=\"og:image:type\" content=\"image\/png\" \/>\n<meta name=\"twitter:card\" content=\"summary_large_image\" \/>\n<meta name=\"twitter:label1\" content=\"Gesch\u00e4tzte Lesezeit\" \/>\n\t<meta name=\"twitter:data1\" content=\"4\u00a0Minuten\" \/>\n<script type=\"application\/ld+json\" class=\"yoast-schema-graph\">{\"@context\":\"https:\\\/\\\/schema.org\",\"@graph\":[{\"@type\":\"WebPage\",\"@id\":\"https:\\\/\\\/www.visitvalldemossa.es\\\/de\\\/\",\"url\":\"https:\\\/\\\/www.visitvalldemossa.es\\\/de\\\/\",\"name\":\"Besuchen Sie Valldemossa, Mallorca I Offizielle Touristen-Website\",\"isPartOf\":{\"@id\":\"https:\\\/\\\/www.visitvalldemossa.es\\\/de\\\/#website\"},\"primaryImageOfPage\":{\"@id\":\"https:\\\/\\\/www.visitvalldemossa.es\\\/de\\\/#primaryimage\"},\"image\":{\"@id\":\"https:\\\/\\\/www.visitvalldemossa.es\\\/de\\\/#primaryimage\"},\"thumbnailUrl\":\"https:\\\/\\\/www.visitvalldemossa.es\\\/wp-content\\\/uploads\\\/2024\\\/08\\\/escudo-valldemossa.png\",\"datePublished\":\"2024-08-20T13:36:05+00:00\",\"dateModified\":\"2026-02-11T10:00:36+00:00\",\"description\":\"Willkommen auf der offiziellen Touristen-Website von Visit Valldemossa auf Mallorca. Sehensw\u00fcrdigkeiten, Erbe und Kultur, Routen, Einkaufsf\u00fchrer und mehr.\",\"breadcrumb\":{\"@id\":\"https:\\\/\\\/www.visitvalldemossa.es\\\/de\\\/#breadcrumb\"},\"inLanguage\":\"de\",\"potentialAction\":[{\"@type\":\"ReadAction\",\"target\":[\"https:\\\/\\\/www.visitvalldemossa.es\\\/de\\\/\"]}]},{\"@type\":\"ImageObject\",\"inLanguage\":\"de\",\"@id\":\"https:\\\/\\\/www.visitvalldemossa.es\\\/de\\\/#primaryimage\",\"url\":\"https:\\\/\\\/www.visitvalldemossa.es\\\/wp-content\\\/uploads\\\/2024\\\/08\\\/escudo-valldemossa.png\",\"contentUrl\":\"https:\\\/\\\/www.visitvalldemossa.es\\\/wp-content\\\/uploads\\\/2024\\\/08\\\/escudo-valldemossa.png\"},{\"@type\":\"BreadcrumbList\",\"@id\":\"https:\\\/\\\/www.visitvalldemossa.es\\\/de\\\/#breadcrumb\",\"itemListElement\":[{\"@type\":\"ListItem\",\"position\":1,\"name\":\"Portada\",\"item\":\"https:\\\/\\\/www.visitvalldemossa.es\\\/de\\\/\"},{\"@type\":\"ListItem\",\"position\":2,\"name\":\"Heim\"}]},{\"@type\":\"WebSite\",\"@id\":\"https:\\\/\\\/www.visitvalldemossa.es\\\/de\\\/#website\",\"url\":\"https:\\\/\\\/www.visitvalldemossa.es\\\/de\\\/\",\"name\":\"Visit Valldemossa\",\"description\":\"\",\"publisher\":{\"@id\":\"https:\\\/\\\/www.visitvalldemossa.es\\\/de\\\/#organization\"},\"potentialAction\":[{\"@type\":\"SearchAction\",\"target\":{\"@type\":\"EntryPoint\",\"urlTemplate\":\"https:\\\/\\\/www.visitvalldemossa.es\\\/de\\\/?s={search_term_string}\"},\"query-input\":{\"@type\":\"PropertyValueSpecification\",\"valueRequired\":true,\"valueName\":\"search_term_string\"}}],\"inLanguage\":\"de\"},{\"@type\":\"Organization\",\"@id\":\"https:\\\/\\\/www.visitvalldemossa.es\\\/de\\\/#organization\",\"name\":\"Visit Valldemossa\",\"url\":\"https:\\\/\\\/www.visitvalldemossa.es\\\/de\\\/\",\"logo\":{\"@type\":\"ImageObject\",\"inLanguage\":\"de\",\"@id\":\"https:\\\/\\\/www.visitvalldemossa.es\\\/de\\\/#\\\/schema\\\/logo\\\/image\\\/\",\"url\":\"https:\\\/\\\/www.visitvalldemossa.es\\\/wp-content\\\/uploads\\\/2024\\\/08\\\/favicon-valldemossa.png\",\"contentUrl\":\"https:\\\/\\\/www.visitvalldemossa.es\\\/wp-content\\\/uploads\\\/2024\\\/08\\\/favicon-valldemossa.png\",\"width\":553,\"height\":634,\"caption\":\"Visit Valldemossa\"},\"image\":{\"@id\":\"https:\\\/\\\/www.visitvalldemossa.es\\\/de\\\/#\\\/schema\\\/logo\\\/image\\\/\"}}]}<\/script>\n<!-- \/ Yoast SEO plugin. -->","yoast_head_json":{"title":"Besuchen Sie Valldemossa, Mallorca I Offizielle Touristen-Website","description":"Willkommen auf der offiziellen Touristen-Website von Visit Valldemossa auf Mallorca. Sehensw\u00fcrdigkeiten, Erbe und Kultur, Routen, Einkaufsf\u00fchrer und mehr.","robots":{"index":"index","follow":"follow","max-snippet":"max-snippet:-1","max-image-preview":"max-image-preview:large","max-video-preview":"max-video-preview:-1"},"canonical":"https:\/\/www.visitvalldemossa.es\/de\/","og_locale":"de_DE","og_type":"article","og_title":"Besuchen Sie Valldemossa, Mallorca I Offizielle Touristen-Website","og_description":"Willkommen auf der offiziellen Touristen-Website von Visit Valldemossa auf Mallorca. Sehensw\u00fcrdigkeiten, Erbe und Kultur, Routen, Einkaufsf\u00fchrer und mehr.","og_url":"https:\/\/www.visitvalldemossa.es\/de\/","og_site_name":"Visit Valldemossa","article_modified_time":"2026-02-11T10:00:36+00:00","og_image":[{"width":500,"height":640,"url":"https:\/\/www.visitvalldemossa.es\/wp-content\/uploads\/2024\/08\/escudo-valldemossa.png","type":"image\/png"}],"twitter_card":"summary_large_image","twitter_misc":{"Gesch\u00e4tzte Lesezeit":"4\u00a0Minuten"},"schema":{"@context":"https:\/\/schema.org","@graph":[{"@type":"WebPage","@id":"https:\/\/www.visitvalldemossa.es\/de\/","url":"https:\/\/www.visitvalldemossa.es\/de\/","name":"Besuchen Sie Valldemossa, Mallorca I Offizielle Touristen-Website","isPartOf":{"@id":"https:\/\/www.visitvalldemossa.es\/de\/#website"},"primaryImageOfPage":{"@id":"https:\/\/www.visitvalldemossa.es\/de\/#primaryimage"},"image":{"@id":"https:\/\/www.visitvalldemossa.es\/de\/#primaryimage"},"thumbnailUrl":"https:\/\/www.visitvalldemossa.es\/wp-content\/uploads\/2024\/08\/escudo-valldemossa.png","datePublished":"2024-08-20T13:36:05+00:00","dateModified":"2026-02-11T10:00:36+00:00","description":"Willkommen auf der offiziellen Touristen-Website von Visit Valldemossa auf Mallorca. Sehensw\u00fcrdigkeiten, Erbe und Kultur, Routen, Einkaufsf\u00fchrer und mehr.","breadcrumb":{"@id":"https:\/\/www.visitvalldemossa.es\/de\/#breadcrumb"},"inLanguage":"de","potentialAction":[{"@type":"ReadAction","target":["https:\/\/www.visitvalldemossa.es\/de\/"]}]},{"@type":"ImageObject","inLanguage":"de","@id":"https:\/\/www.visitvalldemossa.es\/de\/#primaryimage","url":"https:\/\/www.visitvalldemossa.es\/wp-content\/uploads\/2024\/08\/escudo-valldemossa.png","contentUrl":"https:\/\/www.visitvalldemossa.es\/wp-content\/uploads\/2024\/08\/escudo-valldemossa.png"},{"@type":"BreadcrumbList","@id":"https:\/\/www.visitvalldemossa.es\/de\/#breadcrumb","itemListElement":[{"@type":"ListItem","position":1,"name":"Portada","item":"https:\/\/www.visitvalldemossa.es\/de\/"},{"@type":"ListItem","position":2,"name":"Heim"}]},{"@type":"WebSite","@id":"https:\/\/www.visitvalldemossa.es\/de\/#website","url":"https:\/\/www.visitvalldemossa.es\/de\/","name":"Visit Valldemossa","description":"","publisher":{"@id":"https:\/\/www.visitvalldemossa.es\/de\/#organization"},"potentialAction":[{"@type":"SearchAction","target":{"@type":"EntryPoint","urlTemplate":"https:\/\/www.visitvalldemossa.es\/de\/?s={search_term_string}"},"query-input":{"@type":"PropertyValueSpecification","valueRequired":true,"valueName":"search_term_string"}}],"inLanguage":"de"},{"@type":"Organization","@id":"https:\/\/www.visitvalldemossa.es\/de\/#organization","name":"Visit Valldemossa","url":"https:\/\/www.visitvalldemossa.es\/de\/","logo":{"@type":"ImageObject","inLanguage":"de","@id":"https:\/\/www.visitvalldemossa.es\/de\/#\/schema\/logo\/image\/","url":"https:\/\/www.visitvalldemossa.es\/wp-content\/uploads\/2024\/08\/favicon-valldemossa.png","contentUrl":"https:\/\/www.visitvalldemossa.es\/wp-content\/uploads\/2024\/08\/favicon-valldemossa.png","width":553,"height":634,"caption":"Visit Valldemossa"},"image":{"@id":"https:\/\/www.visitvalldemossa.es\/de\/#\/schema\/logo\/image\/"}}]}},"_links":{"self":[{"href":"https:\/\/www.visitvalldemossa.es\/de\/wp-json\/wp\/v2\/pages\/1315","targetHints":{"allow":["GET"]}}],"collection":[{"href":"https:\/\/www.visitvalldemossa.es\/de\/wp-json\/wp\/v2\/pages"}],"about":[{"href":"https:\/\/www.visitvalldemossa.es\/de\/wp-json\/wp\/v2\/types\/page"}],"author":[{"embeddable":true,"href":"https:\/\/www.visitvalldemossa.es\/de\/wp-json\/wp\/v2\/users\/1"}],"replies":[{"embeddable":true,"href":"https:\/\/www.visitvalldemossa.es\/de\/wp-json\/wp\/v2\/comments?post=1315"}],"version-history":[{"count":6,"href":"https:\/\/www.visitvalldemossa.es\/de\/wp-json\/wp\/v2\/pages\/1315\/revisions"}],"predecessor-version":[{"id":1863,"href":"https:\/\/www.visitvalldemossa.es\/de\/wp-json\/wp\/v2\/pages\/1315\/revisions\/1863"}],"wp:attachment":[{"href":"https:\/\/www.visitvalldemossa.es\/de\/wp-json\/wp\/v2\/media?parent=1315"}],"curies":[{"name":"wp","href":"https:\/\/api.w.org\/{rel}","templated":true}]}}